{"id":8701,"date":"2022-01-18T11:53:19","date_gmt":"2022-01-18T16:53:19","guid":{"rendered":"https:\/\/douleurquebec.ca\/nos-services\/groupe-dentraide\/groupes-virtuels\/"},"modified":"2025-02-14T10:29:06","modified_gmt":"2025-02-14T15:29:06","slug":"virtual-groups","status":"publish","type":"page","link":"https:\/\/douleurquebec.ca\/en\/our-services\/self-help-groups\/virtual-groups\/","title":{"rendered":"Virtual groups"},"content":{"rendered":"<h2>Programmation 2023<\/h2>\n<p>L\u2019AQDC vous offre maintenant l\u2019occasion de discuter virtuellement par r\u00e9gions ou\u00a0 provincial (tous les membres) d\u2019une dur\u00e9e de 1h30.<\/p>\n<p>Pour s\u2019<strong>INSCRIRE<\/strong> par t\u00e9l\u00e9phone, veuillez appeler au num\u00e9ro de l\u2019AQDC: <a href=\"tel:+118552304198\">1 855-230-4198<\/a><\/p>\n<p>Pour <strong>PARTICIPER<\/strong> par t\u00e9l\u00e9phone \u00e0 une rencontre ZOOM:<br \/><a href=\"tel:+14388097799\">1 438 809-7799<\/a>\u00a0 et entrez le num\u00e9ro de r\u00e9union que vous recevrez lors de votre inscription. (*6: Mettre en sourdine \/ R\u00e9tablir le son | *9: Lever \/ baisser la main)<\/p>\n<h3>\u00a0<\/h3>\n<h3 style=\"font-family: Poppins; color: #212529;\">D\u00e9cembre 2023<\/h3>\n<h4 style=\"font-family: Poppins; color: #212529;\">Mardi 5 d\u00e9cembre 2023 de 12h &#8211; 13h<\/h4>\n<p>DISCUSSION ET PARTAGE\u00a0\u00ab Douleur chronique et temps des F\u00eates, un cocktail qui g\u00e9n\u00e8re bien des maux \u00bb<\/p>\n<p>Venez partager vos trucs, vos strat\u00e9gies et astuces, pour passer un temps des F\u00eates agr\u00e9able!<\/p>\n<p>Avec \u00e0 l&#8217;animation Sylvie Beaudoin,<br \/>accompagn\u00e9e par Amy Doucet.<\/p>\n<p><a href=\"https:\/\/us02web.zoom.us\/meeting\/register\/tZAlcOioqTsuHddMweLZ66tZhqjdRClmlCCV#\/registration\" target=\"_blank\" rel=\"noopener\">Inscrivez vous\u00a0ici<\/a><\/p>\n<p>\u00a0<\/p>\n<h4 style=\"font-family: Poppins; color: #212529;\">Vendredi 15 d\u00e9cembre 2023 de 12h &#8211; 13h30<\/h4>\n<p>EXPOS\u00c9 ET TEMPS D&#8217;\u00c9CHANGE\u00a0\u00ab La NEUROPLASTICIT\u00c9 : Techniques pour apprivoiser la douleur \u00bb<\/p>\n<p>Avec le concept de neuroplasticit\u00e9, apprenez \u00e0 transformer et \u00e0 apaiser la douleur en d\u00e9jouant le cerveau. Venez d\u00e9couvrir des exercices, des outils et des techniques concrets pour reprogrammer votre cerveau. Par exemple, la distraction, le &#8221;Somatic Tracking&#8221;, la visualisation, l&#8217;exposition graduelle, et bien d&#8217;autres.<\/p>\n<p>Avec \u00e0 l&#8217;animation Manon Desrosiers,<br \/>accompagn\u00e9e par Marie-H\u00e9l\u00e8ne Galarneau.<\/p>\n<p><a href=\"https:\/\/us02web.zoom.us\/meeting\/register\/tZcudOCqrzwiHdxEr8IpDB_tGfuy0nfpB2ZK#\/registration\" target=\"_blank\" rel=\"noopener\">Inscrivez vous\u00a0ici<\/a><\/p>\n<p>\u00a0<\/p>\n<h3 style=\"font-family: Poppins; color: #212529;\">NOVEMBRE 2023<\/h3>\n<h4 style=\"font-family: Poppins; color: #212529;\">Vendredi 10 novembre 2023 de 13h &#8211; 14h30<\/h4>\n<p>EXPOS\u00c9 ET TEMPS D&#8217;\u00c9CHANGES\u00a0&#8220;La Peur\u2026. Le Carburant de la Douleur&#8221;<\/p>\n<p>La peur est un \u00e9l\u00e9ment important dans la perception de la douleur. Le cerveau nous joue parfois des tours\u2026 Pourquoi le sentiment de s\u00e9curit\u00e9 est primordial pour transformer notre relation \u00e0 la douleur ? Venez reconna\u00eetre et conscientiser les \u00e9l\u00e9ments qui maintiennent le cercle vicieux de la peur et de la douleur ?\u00a0<\/p>\n<p>Avec \u00e0 l&#8217;animation\u00a0Manon Desrosiers<\/p>\n<p><a href=\"https:\/\/us02web.zoom.us\/meeting\/register\/tZMvfumhqzgjH9yFXVdCFjSQbGLwJBQrggkO\" target=\"_blank\" rel=\"noopener\">Inscrivez vous\u00a0ici<\/a><\/p>\n<p>\u00a0<\/p>\n<h3>SEPTEMBRE 2023<\/h3>\n<h4><b>Jeudi 14 septembre 2023 de 13h &#8211; 14h30<\/b><\/h4>\n<p><b>EXPOS\u00c9 ET TEMPS D&#8217;\u00c9CHANGES<\/b><b>\u00a0<\/b><b style=\"color: inherit; font-family: inherit; font-size: 1.25rem;\">&#8220;Les approches corps-esprit, c\u2019est quoi ?<\/b><b style=\"color: inherit; font-family: inherit; font-size: 1.25rem;\">&#8220;<\/b><\/p>\n<p>Les approches corps-esprit \u2018\u2019Mind Body\u2019\u2019 consid\u00e8rent que les pens\u00e9es, les \u00e9motions, les croyances et les attitudes peuvent influencer la perception de la douleur et son impact sur le corps. Quels sont les outils, techniques et strat\u00e9gies \u00e0 mettre en place ?<\/p>\n<p>Avec \u00e0 l&#8217;animation <strong>Manon Desrosiers<\/strong><\/p>\n<p><a href=\"https:\/\/us02web.zoom.us\/meeting\/register\/tZ0ocemrrzsvHd13q9FL4bFvWahw46KplA9H\" target=\"_blank\" rel=\"noopener\"><b>Inscrivez vous<\/b><b>\u00a0ici<\/b><\/a><\/p>\n<h3>AVRIL 2023<\/h3>\n<h4><b>Mercredi 19 avril 2023 de 13h &#8211; 14h30<\/b><\/h4>\n<p><b>EXPOS\u00c9 ET TEMPS D&#8217;\u00c9CHANGES<\/b><b>\u00a0<\/b><b style=\"color: inherit; font-family: inherit; font-size: 1.25rem;\">&#8220;La Pleine conscience, c\u2019est quoi ?<\/b><b style=\"color: inherit; font-family: inherit; font-size: 1.25rem;\">&#8220;<\/b><\/p>\n<p>Venez (re) d\u00e9couvrir ce qu&#8217;est la Pleine conscience, comment l&#8217;apprivoiser et l&#8217;appliquer dans votre quotidien et ce, malgr\u00e9 la douleur chronique.<\/p>\n<p>Avec \u00e0 l&#8217;animation <strong>Sylvie Beaudoin<\/strong><\/p>\n<p><a href=\"https:\/\/us02web.zoom.us\/meeting\/register\/tZ0ld-yoqTwpGNHrAxT9q_bxqS4RY5sN_zbg\" target=\"_blank\" rel=\"noopener\"><b>Inscrivez vous<\/b><b>\u00a0ici<\/b><\/a><\/p>\n<h4><b>Mardi 4 avril 2023 de 18h &#8211; 19h30<\/b><\/h4>\n<p><b>EXPOS\u00c9 ET TEMPS D&#8217;\u00c9CHANGES<\/b><b>\u00a0<\/b><b style=\"color: inherit; font-family: inherit; font-size: 1.25rem;\">&#8220;La Pleine conscience, c\u2019est quoi ?<\/b><b style=\"color: inherit; font-family: inherit; font-size: 1.25rem;\">&#8220;<\/b><\/p>\n<p>Venez (re) d\u00e9couvrir ce qu&#8217;est la Pleine conscience, comment l&#8217;apprivoiser et l&#8217;appliquer dans votre quotidien et ce, malgr\u00e9 la douleur chronique.<\/p>\n<p>Avec \u00e0 l&#8217;animation <strong>Sylvie Beaudoin<\/strong><\/p>\n<p><a href=\"https:\/\/us02web.zoom.us\/meeting\/register\/tZYkc-GqpjkvE9b2GJ4YEYHnFngLLc4VkNFl\" target=\"_blank\" rel=\"noopener\"><b>Inscrivez vous<\/b><b>\u00a0ici<\/b><\/a><\/p>\n<h2>Programmation Hiver 2023<\/h2>\n<h3>MARS 2023<\/h3>\n<h4><b>Mardi 28 mars 2023 de 18h &#8211; 19h30<\/b><\/h4>\n<p><b>EXPOS\u00c9 ET TEMPS D&#8217;\u00c9CHANGES<\/b><b>\u00a0<\/b><b style=\"color: inherit; font-family: inherit; font-size: 1.25rem;\">&#8220;<\/b><b>La douleur chronique et le sommeil&#8230;<\/b><b style=\"color: inherit; font-family: inherit; font-size: 1.25rem;\">&#8220;<\/b><\/p>\n<p>Bien que vous r\u00eaviez de tomber dans les bras de Morph\u00e9e pour dormir \u00e0 poings ferm\u00e9s, comme un b\u00e9b\u00e9, une marmotte ou sur vos deux oreilles, vous avez plut\u00f4t l\u2019impression de passer trop souvent vos nuits sur la corde \u00e0 linge? Apprenez en plus sur les liens entre le sommeil et la douleur et surtout, venez partager vos trucs et astuces pour favoriser un sommeil r\u00e9parateur.<\/p>\n<p>Avec \u00e0 l&#8217;animation <strong>Sylvie Beaudoin<\/strong><\/p>\n<p><a href=\"https:\/\/us02web.zoom.us\/meeting\/register\/tZ0qcOCvrT8vH9RA_MLgov7v3EyMU75jd9VB\" target=\"_blank\" rel=\"noopener\"><b>Inscrivez vous<\/b><b>\u00a0ici<\/b><\/a><\/p>\n<h4><b>Mardi 21 mars 2023 de 13h &#8211; 14h30<\/b><\/h4>\n<p><b>EXPOS\u00c9 ET TEMPS D&#8217;\u00c9CHANGES<\/b><b>\u00a0<\/b><b style=\"color: inherit; font-family: inherit; font-size: 1.25rem;\">&#8220;<\/b><b>La douleur chronique et le sommeil&#8230;<\/b><b style=\"color: inherit; font-family: inherit; font-size: 1.25rem;\">&#8220;<\/b><\/p>\n<p>Bien que vous r\u00eaviez de tomber dans les bras de Morph\u00e9e pour dormir \u00e0 poings ferm\u00e9s, comme un b\u00e9b\u00e9, une marmotte ou sur vos deux oreilles, vous avez plut\u00f4t l\u2019impression de passer trop souvent vos nuits sur la corde \u00e0 linge? Apprenez en plus sur les liens entre le sommeil et la douleur et surtout, venez partager vos trucs et astuces pour favoriser un sommeil r\u00e9parateur.<\/p>\n<p>Avec \u00e0 l&#8217;animation <strong>Sylvie Beaudoin<\/strong><\/p>\n<p><a href=\"https:\/\/us02web.zoom.us\/meeting\/register\/tZwpde6qqzIvG9VyX-RLHhMPicRUJNZRlut4\" target=\"_blank\" rel=\"noopener\"><b>Inscrivez vous<\/b><b>\u00a0ici<\/b><\/a><\/p>\n<h3>F\u00c9VRIER 2023<\/h3>\n<h4><b>Mardi 21 f\u00e9vrier 2023 de 18h &#8211; 19h30<\/b><\/h4>\n<p><b>EXPOS\u00c9 ET TEMPS D&#8217;\u00c9CHANGES<\/b><b>\u00a0<\/b><b style=\"color: inherit; font-family: inherit; font-size: 1.25rem;\">&#8220;<\/b><b>Connaissez vous la fable de \u00ab Qui a piqu\u00e9 mon fromage? \u00bb<\/b><b style=\"color: inherit; font-family: inherit; font-size: 1.25rem;\">&#8220;<\/b><\/p>\n<p>Vous vivez avec un proche souffrant de douleur chronique ou vous-m\u00eame souffrez de douleur chronique? Transformez votre r\u00e9sistance en r\u00e9silience, pour mieux faire face aux nombreux changements li\u00e9s \u00e0 cette condition.<\/p>\n<p>Avec \u00e0 l&#8217;animation <strong>Sylvie Beaudoin<\/strong><\/p>\n<p><a href=\"https:\/\/us02web.zoom.us\/meeting\/register\/tZAuc-irqjMqH9LB9P3PdNIV0AP0T08eBquL\" target=\"_blank\" rel=\"noopener\"><b>Inscrivez vous<\/b><b>\u00a0ici<\/b><\/a><\/p>\n<h4><b>Mardi 7 f\u00e9vrier 2023 de 13h &#8211; 14h30<\/b><\/h4>\n<p><b>EXPOS\u00c9 ET TEMPS D&#8217;\u00c9CHANGES<\/b><b>\u00a0<\/b><b style=\"color: inherit; font-family: inherit; font-size: 1.25rem;\">&#8220;<\/b><b>Connaissez vous la fable de \u00ab Qui a piqu\u00e9 mon fromage? \u00bb<\/b><b style=\"color: inherit; font-family: inherit; font-size: 1.25rem;\">&#8220;<\/b><\/p>\n<p>Vous vivez avec un proche souffrant de douleur chronique ou vous-m\u00eame souffrez de douleur chronique? Transformez votre r\u00e9sistance en r\u00e9silience, pour mieux faire face aux nombreux changements li\u00e9s \u00e0 cette condition.<\/p>\n<p>Avec \u00e0 l&#8217;animation <strong>Sylvie Beaudoin<\/strong><\/p>\n<p><a href=\"https:\/\/us02web.zoom.us\/meeting\/register\/tZMrdeuqqT8tGNXKLohxSmzXWPu5Y-jIFWOV\" target=\"_blank\" rel=\"noopener\"><b>Inscrivez vous<\/b><b>\u00a0ici<\/b><\/a><\/p>\n<h3>JANVIER 2023<\/h3>\n<h4><b>Mardi 31 janvier 2023 de 13h &#8211; 14h30<\/b><\/h4>\n<p><b>EXPOS\u00c9 ET TEMPS D&#8217;\u00c9CHANGES<\/b><b>\u00a0<\/b><b style=\"color: inherit; font-family: inherit; font-size: 1.25rem;\">&#8220;Avez-vous song\u00e9 \u00e0 l\u2019autogestion de votre douleur comme r\u00e9solution pour 2023 ?<\/b><b style=\"color: inherit; font-family: inherit; font-size: 1.25rem;\">&#8220;<\/b><\/p>\n<p>Je profiterai de ce d\u00e9but d\u2019ann\u00e9e, pour vous pr\u00e9senter les grandes lignes d\u2019un programme absolument formidable, 100% gratuit, <strong>d\u2019autogestion de la douleur chronique non canc\u00e9reuse, \u00abAgir pour moi\u00bb<\/strong>, con\u00e7u par une \u00e9quipe de l\u2019Universit\u00e9 Laval et des collaborateurs externes, qui est disponible en ligne.<\/p>\n<p><a href=\"https:\/\/www.gerermadouleur.ca\/agir-pour-moi\/\" target=\"_blank\" rel=\"noopener\">Agir pour moi &#8211; G\u00e9rer ma douleur<\/a><\/p>\n<p>Avec \u00e0 l&#8217;animation <strong>Sylvie Beaudoin<\/strong><\/p>\n<p><a href=\"https:\/\/us02web.zoom.us\/meeting\/register\/tZIvfuChpj8iH9XWvxcqLGAPKjcL6rXJb_Uq\" target=\"_blank\" rel=\"noopener\"><b>Inscrivez vous<\/b><b>\u00a0ici<\/b><\/a><\/p>\n<h4><b>Mercredi 25 janvier 2023 de 18h &#8211; 19h30<\/b><\/h4>\n<p><b>EXPOS\u00c9 ET TEMPS D&#8217;\u00c9CHANGES<\/b><b>\u00a0<\/b><b style=\"color: inherit; font-family: inherit; font-size: 1.25rem;\">&#8220;La fin du temps des f\u00eates et le retour \u00e0 la normale<\/b><b style=\"color: inherit; font-family: inherit; font-size: 1.25rem;\">&#8220;<\/b>\u00a0Discutons ensemble de comment c\u2019est d\u00e9rouler cette p\u00e9riode des f\u00eates et du retour dans notre quotidien.<\/p>\n<p>Avec \u00e0 l&#8217;animation <strong>Caroline\u00a0<\/strong><b>Lalibert\u00e9<\/b><\/p>\n<p><a href=\"https:\/\/us02web.zoom.us\/meeting\/register\/tZUodO-gqjwvHdZmrvkkgL4aGSnAppNc3Hy5\" target=\"_blank\" rel=\"noopener\"><b>Inscrivez vous<\/b><b>\u00a0ici<\/b><\/a><\/p>\n<h4><b>Mardi 17 janvier 2023 de 18h &#8211; 19h30<\/b><\/h4>\n<p><b>EXPOS\u00c9 ET TEMPS D&#8217;\u00c9CHANGES<\/b><b>\u00a0<\/b><b style=\"color: inherit; font-family: inherit; font-size: 1.25rem;\">&#8220;Avez-vous song\u00e9 \u00e0 l\u2019autogestion de votre douleur comme r\u00e9solution pour 2023 ?<\/b><b style=\"color: inherit; font-family: inherit; font-size: 1.25rem;\">&#8220;<\/b><\/p>\n<p>Je profiterai de ce d\u00e9but d\u2019ann\u00e9e, pour vous pr\u00e9senter les grandes lignes d\u2019un programme absolument formidable, 100% gratuit, <strong>d\u2019autogestion de la douleur chronique non canc\u00e9reuse, \u00abAgir pour moi\u00bb<\/strong>, con\u00e7u par une \u00e9quipe de l\u2019Universit\u00e9 Laval et des collaborateurs externes, qui est disponible en ligne.<\/p>\n<p><a href=\"https:\/\/www.gerermadouleur.ca\/agir-pour-moi\/\" target=\"_blank\" rel=\"noopener\">Agir pour moi &#8211; G\u00e9rer ma douleur<\/a><\/p>\n<p>Avec \u00e0 l&#8217;animation <strong>Sylvie Beaudoin<\/strong><\/p>\n<p><a href=\"https:\/\/us02web.zoom.us\/meeting\/register\/tZcud-CrrzkjGNPAUL7zbr_EtfKc6hGFKKJV\" target=\"_blank\" rel=\"noopener\"><b>Inscrivez vous<\/b><b>\u00a0ici<\/b><\/a><\/p>\n<h3>D\u00c9CEMBRE 2022<\/h3>\n<h4><b>Lundi 5 d\u00e9cembre<\/b>\u00a0<b>2022 de 18h &#8211; 19h30<\/b><\/h4>\n<p><b>EXPOS\u00c9 ET TEMPS D&#8217;\u00c9CHANGES<\/b><b>\u00a0<\/b><b style=\"color: inherit; font-family: inherit; font-size: 1.25rem;\">&#8220;La Charge Mentale vs Le temps des f\u00eates &#8211; trucs et astuces pour les parents et grands-parents<\/b><b style=\"color: inherit; font-family: inherit; font-size: 1.25rem;\">&#8220;<\/b>\u00a0Le temps des f\u00eates est un moment de l\u2019ann\u00e9e tr\u00e8s exigeant pour les parents et grands-parents souffrants de douleur chronique. C&#8217;est pourquoi je vous propose dans un premier temps d&#8217;aborder une d\u00e9finition de ce que l&#8217;on consid\u00e8re &#8220;la charge mentale&#8221; puis, dans un second temps, nous parlerons du temps des f\u00eates et plus particuli\u00e8rement de comment parvenir \u00e0 y survivre !<\/p>\n<p>Avec \u00e0 l&#8217;animation <strong>Maripier Arcand-Langlois<\/strong><\/p>\n<p><a href=\"https:\/\/us02web.zoom.us\/meeting\/register\/tZEqce6trz0tHdaYdlHm34aiZ1p7CwmMcs7t?fbclid=IwAR3Cf5YTAGVIsmb7AcAI-IolwDqHGSSY-YPUR-rGvllDLW3YMLgMIbd5zS4\" target=\"_blank\" rel=\"noopener\"><b>Inscrivez-vous ici<\/b><\/a><\/p>\n<h3>NOVEMBRE 2022<\/h3>\n<h4><b>Mercredi 23 novembre<\/b>\u00a0<b>2022 de 13h &#8211; 14h30<\/b><\/h4>\n<p><b>EXPOS\u00c9 ET TEMPS D&#8217;\u00c9CHANGES<\/b><b>\u00a0<\/b><b style=\"color: inherit; font-family: inherit; font-size: 1.25rem;\">&#8220;<\/b><b>Savoir RESPIRER, c&#8217;est UNE pr\u00e9cieuse CL\u00c9 !<\/b><b style=\"color: inherit; font-family: inherit; font-size: 1.25rem;\">&#8220;<\/b>\u00a0La respiration, c\u2019est tellement naturel et automatique, qu\u2019on banalise son super pouvoir\u2026. Particuli\u00e8rement lorsqu\u2019on se sent compl\u00e8tement impuissant face \u00e0 la douleur qui nous envahit\u2026. Venez exp\u00e9rimenter diff\u00e9rents exercices de respiration afin de garnir votre trousseau de cl\u00e9s et ainsi reprendre le pouvoir sur un aspect fondamental pour votre mieux \u00eatre !<\/p>\n<p>Avec \u00e0 l&#8217;animation <strong>Sylvie Beaudoin<\/strong><\/p>\n<p><a href=\"https:\/\/us02web.zoom.us\/meeting\/register\/tZAqd-isrzktEt3y22Ih2YOPVl7JvKMWPE_e\" target=\"_blank\" rel=\"noopener\"><b>Inscrivez-vous ici<\/b><\/a><\/p>\n<h4><b>Mercredi 9 novembre<\/b>\u00a0<b>2022 de 18h &#8211; 19h30<\/b><\/h4>\n<p><b>EXPOS\u00c9 ET TEMPS D&#8217;\u00c9CHANGES<\/b><b>\u00a0<\/b><b style=\"color: inherit; font-family: inherit; font-size: 1.25rem;\">&#8220;<\/b><b>Savoir RESPIRER, c&#8217;est UNE pr\u00e9cieuse CL\u00c9 !<\/b><b style=\"color: inherit; font-family: inherit; font-size: 1.25rem;\">&#8220;<\/b>\u00a0La respiration, c\u2019est tellement naturel et automatique, qu\u2019on banalise son super pouvoir\u2026. Particuli\u00e8rement lorsqu\u2019on se sent compl\u00e8tement impuissant face \u00e0 la douleur qui nous envahit\u2026. Venez exp\u00e9rimenter diff\u00e9rents exercices de respiration afin de garnir votre trousseau de cl\u00e9s et ainsi reprendre le pouvoir sur un aspect fondamental pour votre mieux \u00eatre !<\/p>\n<p>Avec \u00e0 l&#8217;animation <strong>Sylvie Beaudoin<\/strong><\/p>\n<p><a href=\"https:\/\/us02web.zoom.us\/meeting\/register\/tZUrcemtqTgqGdZajN5e4wMiuEUokZ2e8J2u\" target=\"_blank\" rel=\"noopener\"><b>Inscrivez-vous ici<\/b><\/a><\/p>\n<h3>OCTOBRE 2022<\/h3>\n<h4><b>Mercredi 26 octobre<\/b>\u00a0<b>2022 de 13h &#8211; 14h30<\/b><\/h4>\n<p><b>EXPOS\u00c9 ET TEMPS D&#8217;\u00c9CHANGES<\/b><b>\u00a0<\/b><b style=\"color: inherit; font-family: inherit; font-size: 1.25rem;\">&#8220;<\/b><b>En douleur chronique, l&#8217;expert, c&#8217;est vous !<\/b><b style=\"color: inherit; font-family: inherit; font-size: 1.25rem;\">&#8220;<\/b>\u00a0Vous est-il arriv\u00e9 de ressortir d\u2019un cabinet de m\u00e9decin avec la d\u00e9sagr\u00e9able impression de ne pas avoir \u00e9t\u00e9 entendu ou pire encore, de ne pas \u00eatre cru ?\u00a0 D\u2019\u00eatre reparti compl\u00e8tement d\u00e9stabilis\u00e9 par l\u2019attitude et les propos du professionnel de la sant\u00e9 ?\u00a0 Si oui, cet expos\u00e9 est pour vous !\u00a0 Passez du patient passif-r\u00e9actif au patient proactif-engag\u00e9 afin d\u2019\u00e9tablir une r\u00e9elle collaboration avec ceux et celles qui prennent soin de vous !<\/p>\n<p>Avec \u00e0 l&#8217;animation <strong>Sylvie Beaudoin<\/strong><\/p>\n<p><a href=\"https:\/\/us02web.zoom.us\/meeting\/register\/tZIsde-urzkjH9KZbPFzJxyq8PzNmJdLe18m\" target=\"_blank\" rel=\"noopener\"><b>Inscrivez-vous ici<\/b><\/a><\/p>\n<h4><b>Mercredi 19 octobre<\/b>\u00a0<b>2022 de 18h &#8211; 19h30<\/b><\/h4>\n<p><b>EXPOS\u00c9 ET TEMPS D&#8217;\u00c9CHANGES<\/b><b>\u00a0<\/b><b style=\"color: inherit; font-family: inherit; font-size: 1.25rem;\">&#8220;<\/b><b>En douleur chronique, l&#8217;expert, c&#8217;est vous !<\/b><b style=\"color: inherit; font-family: inherit; font-size: 1.25rem;\">&#8220;<\/b>\u00a0Vous est-il arriv\u00e9 de ressortir d\u2019un cabinet de m\u00e9decin avec la d\u00e9sagr\u00e9able impression de ne pas avoir \u00e9t\u00e9 entendu ou pire encore, de ne pas \u00eatre cru ?\u00a0 D\u2019\u00eatre reparti compl\u00e8tement d\u00e9stabilis\u00e9 par l\u2019attitude et les propos du professionnel de la sant\u00e9 ?\u00a0 Si oui, cet expos\u00e9 est pour vous !\u00a0 Passez du patient passif-r\u00e9actif au patient proactif-engag\u00e9 afin d\u2019\u00e9tablir une r\u00e9elle collaboration avec ceux et celles qui prennent soin de vous !<\/p>\n<p>Avec \u00e0 l&#8217;animation <strong>Sylvie Beaudoin<\/strong><\/p>\n<p><a href=\"https:\/\/us02web.zoom.us\/meeting\/register\/tZMkdOqsqT0iHNzeB3XXislbqi-8KvSNeT2o?fbclid=IwAR1TG6yMzXVUtDNqPdqJXgZhJOhemvTYKvOsAK0rxkr3j4FWxLoQC9sX0zg\" target=\"_blank\" rel=\"noopener\"><b>Inscrivez-vous ici<\/b><\/a><\/p>\n<h4><b>Mardi 11 octobre<\/b>\u00a0<b>2022 de 18h &#8211; 19h30<\/b><\/h4>\n<p><b>EXPOS\u00c9 ET TEMPS D&#8217;\u00c9CHANGES<\/b><b>\u00a0<\/b><b style=\"color: inherit; font-family: inherit; font-size: 1.25rem;\">&#8220;<\/b><b>La parentalit\u00e9 en douleur chronique : trucs et astuces<\/b><b style=\"color: inherit; font-family: inherit; font-size: 1.25rem;\">&#8220;<\/b>\u00a0Venez appendre diff\u00e9rentes strat\u00e9gies afin de vous aider \u00e0 vivre votre douleur chronique en tant que parents ou grands-parents. Je donnerai \u00e9galement quelques petits trucs pour vous aider au quotidien et j\u2019aimerais beaucoup entendre les v\u00f4tres dans le temps d\u2019\u00e9change.\u00a0Je vous attends !<\/p>\n<p>Avec \u00e0 l&#8217;animation <strong>Mariepier Arcand-Langlois<\/strong><\/p>\n<p><a href=\"https:\/\/us02web.zoom.us\/meeting\/register\/tZ0vf-urrj8rE9EDKyvP5QE1dl8oZCTPpPwm\" target=\"_blank\" rel=\"noopener\"><b>Inscrivez-vous ici<\/b><\/a><\/p>\n<h3>SEPTEMBRE 2022<\/h3>\n<h4><b>Mercredi 28 septembre<\/b>\u00a0<b>2022 de 13h &#8211; 14h30<\/b><\/h4>\n<p><b>EXPOS\u00c9 ET TEMPS D&#8217;\u00c9CHANGES<\/b><br \/><b>\u00a0<\/b><br \/><b style=\"color: inherit; font-family: inherit; font-size: 1.25rem;\">&#8220;<\/b><b>La parentalit\u00e9 en douleur chronique : trucs et astuces<\/b><b style=\"color: inherit; font-family: inherit; font-size: 1.25rem;\">&#8220;<\/b><\/p>\n<p>Venez appendre diff\u00e9rentes strat\u00e9gies afin de vous aider \u00e0 vivre votre douleur chronique en tant que parents ou grands-parents. Je donnerai \u00e9galement quelques petits trucs pour vous aider au quotidien et j\u2019aimerais beaucoup entendre les v\u00f4tres dans le temps d\u2019\u00e9change.<br \/>Je vous attends !<\/p>\n<p>Avec \u00e0 l&#8217;animation <strong>Mariepier Arcand-Langlois<\/strong><\/p>\n<p><strong><a href=\"https:\/\/us02web.zoom.us\/meeting\/register\/tZAkdu2rpzooHNZmvGc2VHRtQlqb8kZb9Xk5\" target=\"_blank\" rel=\"noopener\">Inscrivez-vous ici<\/a><\/strong><\/p>\n<h2>Programmation Printemps 2022<\/h2>\n<h3>JUIN 2022<\/h3>\n<h4><b>Mercredi 22 juin<\/b>\u00a0<b>2022 de 18h &#8211; 19h30<\/b><\/h4>\n<p><b>DISCUSSION ET PARTAGES<\/b><b>\u00a0<\/b><strong style=\"color: inherit; font-family: inherit; font-size: 1.25rem;\">&#8220;La culpabilit\u00e9&#8221;<\/strong>\u00a0Ressentez-vous de la culpabilit\u00e9 face \u00e0 votre condition? Envers vous ou vos proches? Savez-vous g\u00e9rer celle-ci et prendre soin de vous?<\/p>\n<p>Avec \u00e0 l&#8217;animation <strong>Caroline Lalibert\u00e9<\/strong><\/p>\n<p><a href=\"https:\/\/us02web.zoom.us\/meeting\/register\/tZArdOigrD8vE9NWl8x3_0QogylzhO4gMLjW\" target=\"_blank\" rel=\"noopener\">Inscrivez-vous ici<\/a><\/p>\n<h4><b>Mardi 14 juin<\/b>\u00a0<b>2022 de 13h &#8211; 14h30<\/b><\/h4>\n<p><b>EXPOSE ET TEMPS D&#8217;ECHANGES<\/b><b>\u00a0<\/b><strong style=\"color: inherit; font-family: inherit; font-size: 1.25rem;\">&#8220;Pratiquer la Pleine conscience malgr\u00e9 la douleur chronique, c&#8217;est POSSIBLE !&#8221;<\/strong>\u00a0Venez (re)d\u00e9couvrir ce qu&#8217;est la Pleine conscience, comment l&#8217;apprivoiser et l&#8217;appliquer dans votre quotidien, malgr\u00e9 la douleur chronique.<\/p>\n<p>Avec \u00e0 l&#8217;animation <strong>Sylvie Beaudoin<\/strong><\/p>\n<p><a href=\"https:\/\/us02web.zoom.us\/meeting\/register\/tZUtc-uorDkvGNZQ4jyCor_9JRDhJxHUaSAZ\" target=\"_blank\" rel=\"noopener\">Inscrivez-vous ici<\/a><\/p>\n<h3>MAI 2022<\/h3>\n<h4><b>Mardi 31 mai<\/b>\u00a0<b>2022 de 18h &#8211; 19h30<\/b><\/h4>\n<p><b>DISCUSSION ET PARTAGES<\/b><b>\u00a0<\/b><strong style=\"color: inherit; font-family: inherit; font-size: 1.25rem;\">&#8220;Vous sentez vous impliqu\u00e9 dans la prise de d\u00e9cision dans le traitement de la douleur chronique? &#8220;<\/strong>\u00a0Comment faire pour se sentir impliquer et \u00e9couter dans la prise de d\u00e9cision de nos traitements? Peut-on faire plus?<\/p>\n<p>Avec \u00e0 l&#8217;animation <strong>Alice Wagenaar<\/strong><\/p>\n<p><a href=\"https:\/\/us02web.zoom.us\/meeting\/register\/tZUud-Coqz4rH9T0ch-jzU67H-3URQZlUwVo\" target=\"_blank\" rel=\"noopener\">Inscrivez-vous ici<\/a><\/p>\n<h4><b>Mercredi 25 mai<\/b>\u00a0<b>2022 de 18h &#8211; 19h30<\/b><\/h4>\n<p><b>EXPOSE ET TEMPS D&#8217;ECHANGES<\/b><b>\u00a0<\/b><strong style=\"color: inherit; font-family: inherit; font-size: 1.25rem;\">&#8220;Pratiquer la Pleine conscience malgr\u00e9 la douleur chronique, c&#8217;est POSSIBLE !&#8221;<\/strong>\u00a0Venez (re)d\u00e9couvrir ce qu&#8217;est la Pleine conscience, comment l&#8217;apprivoiser et l&#8217;appliquer dans votre quotidien, malgr\u00e9 la douleur chronique.<\/p>\n<p>Avec \u00e0 l&#8217;animation <strong>Sylvie Beaudoin<\/strong><\/p>\n<p><a href=\"https:\/\/us02web.zoom.us\/meeting\/register\/tZclcuyqrTMtGdVqPDqTLxzockvy3QxZweOk\" target=\"_blank\" rel=\"noopener\">Inscrivez-vous ici<\/a><\/p>\n<h4><b>Mercredi 18 mai<\/b>\u00a0<b>2022 de 18h &#8211; 19h30<\/b><\/h4>\n<p><b>\u00a0<\/b><strong style=\"color: inherit; font-family: inherit; font-size: 1.25rem;\">&#8220;Se r\u00e9aliser suite \u00e0 un arr\u00eat de travail.&#8221;<\/strong><\/p>\n<p>Avec \u00e0 l&#8217;animation <strong>Julie Richard<\/strong><\/p>\n<p><a href=\"https:\/\/us02web.zoom.us\/meeting\/register\/tZYlcuGuqD8jH9LanPrdeu68DUPVTlQnPZJi\" target=\"_blank\" rel=\"noopener\">Inscrivez-vous ici<\/a><\/p>\n<h4><b>Jeudi 5 mai<\/b>\u00a0<b>2022 de 18h &#8211; 19h30<\/b><\/h4>\n<p><b>DISCUSSION ET PARTAGES<\/b><b>\u00a0<\/b><strong style=\"color: inherit; font-family: inherit; font-size: 1.25rem;\">&#8220;Techniques et conseils qui vous aident \u00e0 g\u00e9rer votre chronique au quotidien&#8221;<\/strong><\/p>\n<p>Venez discuter de vos techniques, produits, habitudes de vie, etc&#8230;qui vous aident \u00e0 g\u00e9rer votre douleur chronique. Vous pourrez d\u00e9couvrir de nouvelles id\u00e9es et apporter des nouveaut\u00e9s pour d&#8217;autres membres. L&#8217;entraide est la base d&#8217;une meilleure gestion de notre douleur.<\/p>\n<p>Avec \u00e0 l&#8217;animation <strong>Caroline Lalibert\u00e9<\/strong><\/p>\n<p><a href=\"https:\/\/us02web.zoom.us\/meeting\/register\/tZwrceiqqz4pHdF4sqpmHBbD2AufFUheUcZG\" target=\"_blank\" rel=\"noopener\">Inscrivez-vous ici<\/a><\/p>\n<h4><b>Mardi 3 mai<\/b>\u00a0<b>2022 de 18h &#8211; 19h30<\/b><\/h4>\n<p><b>DISCUSSION ET PARTAGES<\/b><b>\u00a0<\/b><strong style=\"color: inherit; font-family: inherit; font-size: 1.25rem;\">&#8220;Quelles adaptions avez-vous mis en place pour continuer les activit\u00e9s que vous aimez&#8221;<\/strong><\/p>\n<p>Venez \u00e9changer sur ce qui a march\u00e9 avec vous. Quelles ont \u00e9t\u00e9 vos r\u00e9ussites pour faire\/continuer des activit\u00e9s que vous aimez.<\/p>\n<p>Avec \u00e0 l&#8217;animation <strong>Alice Wagenaar<\/strong><\/p>\n<p><a href=\"https:\/\/us02web.zoom.us\/meeting\/register\/tZclf-mvqTIsGNwVNJk42C0iYdGDqYSHNEYU\" target=\"_blank\" rel=\"noopener\">Inscrivez-vous ici<\/a><\/p>\n<h3>AVRIL 2022<\/h3>\n<h4><b>Jeudi 28 avril<\/b>\u00a0<b>2022 de 13h &#8211; 14h30<\/b><\/h4>\n<p><b>EXPOS\u00c9 ET TEMPS D&#8217;\u00c9CHANGES<\/b><b>\u00a0<\/b><strong style=\"color: inherit; font-family: inherit; font-size: 1.25rem;\">&#8220;Pourquoi l&#8217;alimentation pourrait \u00eatre \u00e0 l&#8217;origine de la douleur chronique&#8221;<\/strong><strong>Invit\u00e9e sp\u00e9ciale &#8211; Gabrielle Samson, sp\u00e9cialiste et coach alimentation<\/strong>\u00a0La douleur chronique est un mal de plus en plus r\u00e9pandu qui touche un nombre grandissant de personnes chaque ann\u00e9e. Gr\u00e2ce \u00e0 la m\u00e9decine moderne, notre esp\u00e9rance de vie a augment\u00e9. Alors pourquoi le nombre de personnes souffrant de douleurs et de maladies d&#8217;inflammation chronique augmente-t-il? Pourquoi pr\u00e9voit-on que, dans les prochaines d\u00e9cennies, la pr\u00e9valence de ces maux et maladies augmentera encore de 50%? Dans cette conf\u00e9rence dynamique, <strong>Gabrielle Samson, <\/strong>coach en alimentation anti-inflammatoire, vous fera d\u00e9couvrir les derni\u00e8res donn\u00e9es scientifiques qui font la diff\u00e9rence entre la sant\u00e9 et la maladie et qu&#8217;est ce que les gens en sant\u00e9 ont en commun? Plus important encore, elle vous expliquera ce que vous pouvez faire d\u00e8s aujourd&#8217;hui pour r\u00e9duire voire \u00e9liminer la douleur chronique et profiter d&#8217;une vie heureuse et \u00e9panouie.<\/p>\n<p>Avec \u00e0 l&#8217;animation <strong>Manon Desrosiers<\/strong><\/p>\n<p><strong><a href=\"https:\/\/us02web.zoom.us\/meeting\/register\/tZMsdOChqDsjEtMY0pje_QzYDkhRgCfaNWlz\" target=\"_blank\" rel=\"noopener\">Inscrivez-vous ici<\/a><\/strong><\/p>\n<h4><b>Mardi 26 avril<\/b>\u00a0<b>2022 de 13h &#8211; 14h30<\/b><\/h4>\n<p><b>DISCUSSION ET PARTAGES<\/b><b>\u00a0<\/b><strong style=\"color: inherit; font-family: inherit; font-size: 1.25rem;\">&#8220;\u00c9veiller sa conscience pour accro\u00eetre sa r\u00e9silience&#8230;&#8221;<\/strong><\/p>\n<p>Partagez avec nous, quels sont vos forces, traits de caract\u00e8re, qualit\u00e9s, valeurs, etc. qui vous permettent d&#8217;affronter la douleur chronique au quotidien.<\/p>\n<p>Avec \u00e0 l&#8217;animation <strong>Sylvie Beaudoin<\/strong><\/p>\n<p><a href=\"https:\/\/us02web.zoom.us\/meeting\/register\/tZArdOCoqz4iHdTR1QehI0OpsqDwcxzvFk4h\" target=\"_blank\" rel=\"noopener\">Inscrivez-vous ici<\/a><\/p>\n<h4><b>Mardi 19 avril<\/b>\u00a0<b>2022 de 13h &#8211; 14h30<\/b><\/h4>\n<p><b>DISCUSSION ET PARTAGES<\/b><b>\u00a0<\/b><strong style=\"color: inherit; font-family: inherit; font-size: 1.25rem;\">&#8220;D\u00e9confinement&#8221;\u00a0<\/strong><\/p>\n<ul>\n<li style=\"list-style-type: none;\">\u00a0<\/li>\n<\/ul>\n<ul>\n<li style=\"list-style-type: none;\">\n<ul>\n<li>Quelles sont vos peurs et vos craintes face au d\u00e9confinement ?<\/li>\n<\/ul>\n<\/li>\n<\/ul>\n<ul>\n<li style=\"list-style-type: none;\">\n<ul>\n<li>Comment pouvons mettre nos limites par rapport aux r\u00e8gles de d\u00e9confinement? Par rapport \u00e0 notre famille, nos amis, etc&#8230;<\/li>\n<\/ul>\n<\/li>\n<\/ul>\n<ul>\n<li style=\"list-style-type: none;\">\n<ul>\n<li>Quelles sont vos meilleurs moyens, vos meilleurs trucs au quotidien pour vivre avec le d\u00e9confinement?<\/li>\n<\/ul>\n<\/li>\n<\/ul>\n<p>Venez \u00e9changer avec nous sur le sujet.<\/p>\n<p>Avec \u00e0 l&#8217;animation <strong>Maripier Arcand-Langlois<\/strong><\/p>\n<p><a href=\"https:\/\/us02web.zoom.us\/meeting\/register\/tZ0qdumqqDosHdQtJtrVqF03mXR2gEW0RZPH\" target=\"_blank\" rel=\"noopener\">Inscrivez-vous ici<\/a><\/p>\n<h4><b>Mercredi 13 avril<\/b>\u00a0<b>2022 de 13h &#8211; 14h30<\/b><\/h4>\n<p><b>EXPOS\u00c9 ET TEMPS D&#8217;\u00c9CHANGES<\/b><b>\u00a0<\/b><strong style=\"color: inherit; font-family: inherit; font-size: 1.25rem;\">&#8220;Trouver l&#8217;\u00e9quilibre et r\u00e9organiser sa vie&#8221;\u00a0<\/strong>\u00a0Trouver et mettre en place des outils pour favoriser l&#8217;\u00e9quilibre entres les hauts et les bas.<\/p>\n<p>Avec \u00e0 l&#8217;animation <strong>Julie Richard<\/strong><\/p>\n<p><a href=\"https:\/\/us02web.zoom.us\/meeting\/register\/tZIscemrpz8qGdzr2wI1E4s2-8dckJAV2Ewx\" target=\"_blank\" rel=\"noopener\">Inscrivez-vous ici<\/a><\/p>\n<h4><b>Mardi 12 avril<\/b>\u00a0<b>2022 de 18h &#8211; 19h30<\/b><\/h4>\n<p><b>DISCUSSION ET PARTAGES<\/b><b>\u00a0<\/b><strong style=\"color: inherit; font-family: inherit; font-size: 1.25rem;\">&#8220;Tu vois tout en noir, fais un effort et sois positif&#8221; quand la positivit\u00e9 devient toxique<\/strong><\/p>\n<p>Appliquer la pens\u00e9e positive \u00e0 l&#8217;extr\u00eame peut \u00eatre utile pour certain.e.s, mais bien souvent elle provoque de la culpabilit\u00e9 et du mal-\u00eatre.<\/p>\n<p>Avec \u00e0 l&#8217;animation <strong>Alice Wagenaar<\/strong><\/p>\n<p><a href=\"https:\/\/us02web.zoom.us\/meeting\/register\/tZcpc-uhqjMtH9FQfalivzGhRHwar7YYlvxQ\" target=\"_blank\" rel=\"noopener\">Inscrivez-vous ici<\/a><\/p>\n<h4><b>Mardi 5 avril<\/b>\u00a0<b>2022 de 18h &#8211; 19h30<\/b><\/h4>\n<p><b>DISCUSSION ET PARTAGES<\/b><br \/><b>\u00a0<\/b><strong style=\"color: inherit; font-family: inherit; font-size: 1.25rem;\">&#8220;\u00c9veiller sa conscience pour accro\u00eetre sa r\u00e9silience&#8230;&#8221;<\/strong><\/p>\n<p>Partagez avec nous, quels sont vos forces, traits de caract\u00e8re, qualit\u00e9s, valeurs, etc. qui vous permettent d&#8217;affronter la douleur chronique au quotidien.<\/p>\n<p>Avec \u00e0 l&#8217;animation <strong>Sylvie Beaudoin<\/strong><\/p>\n<p><a href=\"https:\/\/us02web.zoom.us\/meeting\/register\/tZIpfuyvrzwiH9JhHqhIWy1ldZ2iSqux8zRM\" target=\"_blank\" rel=\"noopener\">Inscrivez-vous ici<\/a><\/p>\n","protected":false},"excerpt":{"rendered":"<p>Programmation 2023 L\u2019AQDC vous offre maintenant l\u2019occasion de discuter virtuellement par r\u00e9gions ou\u00a0 provincial (tous les membres) d\u2019une dur\u00e9e de 1h30. Pour s\u2019INSCRIRE par t\u00e9l\u00e9phone, veuillez appeler au num\u00e9ro de l\u2019AQDC: 1 855-230-4198 Pour PARTICIPER par t\u00e9l\u00e9phone \u00e0 une rencontre ZOOM:1 438 809-7799\u00a0 et entrez le num\u00e9ro de r\u00e9union que vous recevrez lors de votre [&hellip;]<\/p>\n","protected":false},"author":3,"featured_media":0,"parent":8699,"menu_order":0,"comment_status":"closed","ping_status":"closed","template":"","meta":{"_acf_changed":false,"footnotes":""},"class_list":["post-8701","page","type-page","status-publish","hentry"],"acf":[],"_links":{"self":[{"href":"https:\/\/douleurquebec.ca\/en\/wp-json\/wp\/v2\/pages\/8701","targetHints":{"allow":["GET"]}}],"collection":[{"href":"https:\/\/douleurquebec.ca\/en\/wp-json\/wp\/v2\/pages"}],"about":[{"href":"https:\/\/douleurquebec.ca\/en\/wp-json\/wp\/v2\/types\/page"}],"author":[{"embeddable":true,"href":"https:\/\/douleurquebec.ca\/en\/wp-json\/wp\/v2\/users\/3"}],"replies":[{"embeddable":true,"href":"https:\/\/douleurquebec.ca\/en\/wp-json\/wp\/v2\/comments?post=8701"}],"version-history":[{"count":1,"href":"https:\/\/douleurquebec.ca\/en\/wp-json\/wp\/v2\/pages\/8701\/revisions"}],"predecessor-version":[{"id":8702,"href":"https:\/\/douleurquebec.ca\/en\/wp-json\/wp\/v2\/pages\/8701\/revisions\/8702"}],"up":[{"embeddable":true,"href":"https:\/\/douleurquebec.ca\/en\/wp-json\/wp\/v2\/pages\/8699"}],"wp:attachment":[{"href":"https:\/\/douleurquebec.ca\/en\/wp-json\/wp\/v2\/media?parent=8701"}],"curies":[{"name":"wp","href":"https:\/\/api.w.org\/{rel}","templated":true}]}}